{"version":"1.0","provider_name":"Cafeblog","provider_url":"https:\/\/cafeblog.hu","author_name":"Cafeblog","author_url":"https:\/\/cafeblog.hu\/author\/admin-2\/","title":"Felhaszn\u00e1l\u00e1si felt\u00e9telek","html":"<p><strong>Cafeblog<\/strong><\/p>\r\n<p><strong>Felhaszn\u00e1l\u00e1si felt\u00e9telek<\/strong><\/p>\r\n<p>&nbsp;<\/p>\r\n<ol>\r\n<li><strong>A felhaszn\u00e1l\u00e1si felt\u00e9telek tartalma<\/strong>\r\n<ol>\r\n<li>A jelen felhaszn\u00e1l\u00e1si felt\u00e9telek a Central M\u00e9diacsoport Zrt.&nbsp;(1037 Budapest, Montevideo u. 9.; a tov\u00e1bbiakban: <strong>Szolg\u00e1ltat\u00f3<\/strong>) \u00e1ltal \u00fczemeltetett <strong>Cafeblog<\/strong> (<a href=\"https:\/\/www.cafeblog.hu\">https:\/\/www.cafeblog.hu<\/a> oldalain el\u00e9rhet\u0151) inform\u00e1ci\u00f3s t\u00e1rsadalommal \u00f6sszef\u00fcgg\u0151 szolg\u00e1ltat\u00e1s (<strong>Szolg\u00e1ltat\u00e1s<\/strong> vagy <strong>Cafeblog<\/strong>) ig\u00e9nybev\u00e9tel\u00e9nek felt\u00e9teleit tartalmazza, \u00e9s a Szolg\u00e1ltat\u00f3, valamint a Szolg\u00e1ltat\u00e1s regisztr\u00e1lt ig\u00e9nybe vev\u0151je (<strong>Felhaszn\u00e1l\u00f3<\/strong>) k\u00f6z\u00f6tt l\u00e9trej\u00f6v\u0151 <strong>Szerz\u0151d\u00e9s<\/strong>.<\/li>\r\n<li>Nem regisztr\u00e1lt ig\u00e9nybevev\u0151re (<strong>L\u00e1togat\u00f3<\/strong>) a Szerz\u0151d\u00e9s rendelkez\u00e9sei annyiban ir\u00e1nyad\u00f3ak, amennyiben a Szolg\u00e1ltat\u00e1s keret\u00e9ben t\u00f6rt\u00e9n\u0151 b\u00e1rmely aktivit\u00e1s\u00e1ra vonatkoz\u00f3an a jelen Szerz\u0151d\u00e9s rendelkez\u00e9st tartalmaz.<\/li>\r\n<li>Amennyiben a Felhaszn\u00e1l\u00f3, illetve a L\u00e1togat\u00f3 a Szolg\u00e1ltat\u00e1s b\u00e1rmely elem\u00e9nek haszn\u00e1lat\u00e1t megkezdi, egyidej\u0171leg elfogadja a jelen Szerz\u0151d\u00e9s felt\u00e9teleit. A kiskor\u00fa Felhaszn\u00e1l\u00f3k tev\u00e9kenys\u00e9g\u00e9\u00e9rt t\u00f6rv\u00e9nyes k\u00e9pvisel\u0151j\u00fck v\u00e1llal teljes felel\u0151ss\u00e9get.<\/li>\r\n<li>A Szolg\u00e1ltat\u00f3 b\u00e1rmikor jogosult a Szerz\u0151d\u00e9s egyoldal\u00fa m\u00f3dos\u00edt\u00e1s\u00e1ra azzal, hogy a m\u00f3dos\u00edt\u00e1sr\u00f3l r\u00f6vid felh\u00edv\u00e1s form\u00e1j\u00e1ban jelen oldalon t\u00e1j\u00e9koztatja a Felhaszn\u00e1l\u00f3kat. Amennyiben a Felhaszn\u00e1l\u00f3 a m\u00f3dos\u00edt\u00e1st k\u00f6vet\u0151en a Szolg\u00e1ltat\u00e1s b\u00e1rmely r\u00e9sz\u00e9t haszn\u00e1lni kezdi, az a m\u00f3dos\u00edt\u00e1s elfogad\u00e1s\u00e1nak min\u0151s\u00fcl.<\/li>\r\n<li>A regisztr\u00e1ci\u00f3val l\u00e9trej\u00f6v\u0151 Szerz\u0151d\u00e9sek nyelve magyar, nem min\u0151s\u00fclnek \u00edr\u00e1sba foglalt szerz\u0151d\u00e9snek, ez\u00e9rt azokat a Szolg\u00e1ltat\u00f3 nem iktatja, \u00e9s ut\u00f3bb nem hozz\u00e1f\u00e9rhet\u0151ek. A Szolg\u00e1ltat\u00e1s m\u0171k\u00f6d\u00e9s\u00e9vel kapcsolatos valamennyi t\u00e1j\u00e9koztat\u00e1s, valamint a jelen Szerz\u0151d\u00e9sb\u0151l linkelhet\u0151 egy\u00e9b dokumentumok (Adatkezel\u00e9si T\u00e1j\u00e9koztat\u00f3, Egyedi Adatkezel\u00e9si T\u00e1j\u00e9koztat\u00f3, stb.) a Szerz\u0151d\u00e9s r\u00e9sz\u00e9t k\u00e9pezik \u00e9s k\u00f6telez\u0151ek minden Felhaszn\u00e1l\u00f3ra.<\/li>\r\n<\/ol>\r\n<\/li>\r\n<\/ol>\r\n<p>&nbsp;<\/p>\r\n<p>B\u00e1rmely, Cafeblogt\u00f3l k\u00fcl\u00f6nb\u00f6z\u0151 weboldalnak (Facebook.com, Google.com, stb.) a szolg\u00e1ltat\u00e1s\u00e1ra az adott weboldal keret\u00e9n bel\u00fcl k\u00f6zz\u00e9tett szab\u00e1lyzatok \u00e9s felt\u00e9telek (is) vonatkoznak.<\/p>\r\n<p>&nbsp;<\/p>\r\n<ol>\r\n<li><strong>A Szolg\u00e1ltat\u00e1s legfontosabb jellemz\u0151i \u00e9s elemei<\/strong>\r\n<ol>\r\n<li>A Szolg\u00e1ltat\u00e1s c\u00e9lja \u00e9s l\u00e9nyege: a Felhaszn\u00e1l\u00f3k sz\u00e1m\u00e1ra kor\u00e1bban biztos\u00edtott fel\u00fclet \u00e9s t\u00e1rhely el\u00e9rhet\u0151v\u00e9 t\u00e9tele, az \u00e1ltaluk kor\u00e1bban el\u0151\u00e1ll\u00edtott \u00e9s\/vagy kiv\u00e1lasztott tartalmak t\u00e1rol\u00e1sa.<\/li>\r\n<li>A Szolg\u00e1ltat\u00e1s m\u0171k\u00f6dtet\u00e9se \u00e9s \u00fczemeltet\u00e9se az elektronikus kereskedelmi szolg\u00e1ltat\u00e1sokr\u00f3l sz\u00f3l\u00f3 2001. \u00e9vi CVIII. t\u00f6rv\u00e9ny (a tov\u00e1bbiakban: Elkertv.) rendelkez\u00e9sei alapj\u00e1n k\u00f6zvet\u00edt\u0151 szolg\u00e1ltat\u00e1snak min\u0151s\u00fcl.<\/li>\r\n<li>Szolg\u00e1ltat\u00f3 fenntartja a jogot, hogy a Szolg\u00e1ltat\u00e1s b\u00e1rmely tartalmi elem\u00e9t b\u00e1rmikor m\u00f3dos\u00edtsa vagy megsz\u00fcntesse, azok megjelen\u00e9s\u00e9t, tartalm\u00e1t, m\u0171k\u00f6d\u00e9s\u00e9t megv\u00e1ltoztassa, azon a Szerz\u0151d\u00e9s keretei k\u00f6z\u00f6tt hirdet\u00e9st, saj\u00e1t szolg\u00e1ltat\u00e1sait bemutat\u00f3 vagy egy\u00e9b tartalmat helyezzen el.<\/li>\r\n<\/ol>\r\n<\/li>\r\n<\/ol>\r\n<p>&nbsp;<\/p>\r\n<ul>\r\n<li><strong>A Szolg\u00e1ltat\u00e1s ig\u00e9nybev\u00e9tel\u00e9nek felt\u00e9tele<\/strong>\r\n<ol>\r\n<li>A Szolg\u00e1ltat\u00e1s egyes r\u00e9szei (kor\u00e1bban l\u00e9trehozott egyedi blogoldalak t\u00e1rol\u00e1sa,) kor\u00e1bbi regisztr\u00e1ci\u00f3val vehet\u0151k ig\u00e9nybe.<\/li>\r\n<li>Az oldalon \u00faj regisztr\u00e1ci\u00f3, \u00faj blogoldal ind\u00edt\u00e1sa nem lehets\u00e9ges. A Szolg\u00e1ltat\u00e1s kiz\u00e1r\u00f3lag a kor\u00e1bbi Felhaszn\u00e1l\u00f3k blogoldal\u00e1nak t\u00e1rol\u00e1s\u00e1t, valamint a L\u00e1togat\u00f3k sz\u00e1m\u00e1ra a blogoldalak l\u00e1togat\u00e1s\u00e1t, b\u00f6ng\u00e9sz\u00e9s\u00e9t jelenti.<\/li>\r\n<li>A regisztr\u00e1ci\u00f3val l\u00e9trej\u00f6tt Felhaszn\u00e1l\u00f3 profillal (tov\u00e1bbiakban: Cafeblog Profil), a regisztr\u00e1ci\u00f3 sor\u00e1n megadott e-mail c\u00edm \u00e9s jelsz\u00f3 seg\u00edts\u00e9g\u00e9vel bel\u00e9pve veheti ig\u00e9nybe a Felhaszn\u00e1l\u00f3 a regisztr\u00e1ci\u00f3hoz k\u00f6t\u00f6tt szolg\u00e1ltat\u00e1sokat.<\/li>\r\n<li>A regisztr\u00e1ci\u00f3val l\u00e9trej\u00f6tt Cafeblog Profil a Felhaszn\u00e1l\u00f3 bizonyos adatainak, jellemz\u0151inek r\u00f6gz\u00edt\u00e9s\u00e9re szolg\u00e1l, melyek k\u00f6z\u00fcl a Szolg\u00e1ltat\u00e1s ig\u00e9nybevev\u0151i (Felhaszn\u00e1l\u00f3k \u00e9s L\u00e1togat\u00f3k) sz\u00e1m\u00e1ra az al\u00e1bbiak \u00e9rhet\u0151ek el nyilv\u00e1nosan: a Felhaszn\u00e1l\u00f3 \u00e1ltal a Szolg\u00e1ltat\u00e1s haszn\u00e1lata sor\u00e1n megjelen\u00edteni k\u00edv\u00e1nt n\u00e9v, a Felhaszn\u00e1l\u00f3 bemutatkoz\u00f3 sz\u00f6vege, a Felhaszn\u00e1l\u00f3 Cafeblog regisztr\u00e1ci\u00f3j\u00e1nak id\u0151pontja, azon blogokra mutat\u00f3 hivatkoz\u00e1sok, ahol a Felhaszn\u00e1l\u00f3 neve alatt blogbejegyz\u00e9s jelent meg, a Felhaszn\u00e1l\u00f3 neve alatt a Szolg\u00e1ltat\u00e1s keret\u00e9ben megjelent 10 legfrissebb blogbejegyz\u00e9sre mutat\u00f3 hivatkoz\u00e1sok, illetve ha a Felhaszn\u00e1l\u00f3 ilyet a Szolg\u00e1ltat\u00e1sban megjelen\u00edteni k\u00edv\u00e1n \u00e9s azt a Cafeblog Profilba felt\u00f6lt\u00f6tte, a felhaszn\u00e1l\u00f3i profilk\u00e9p. A Felhaszn\u00e1l\u00f3 az egyedi blogoldal \u00e9s a Szolg\u00e1ltat\u00e1s keret\u00e9n bel\u00fcl a b\u00e1rki sz\u00e1m\u00e1ra l\u00e1that\u00f3, \u00e1ltala v\u00e1lasztott megjelen\u00edtend\u0151 n\u00e9vvel jelenik meg.<\/li>\r\n<li>Egyazon e-mail c\u00edmmel egy Cafeblog regisztr\u00e1ci\u00f3 tarthat\u00f3 fenn.<\/li>\r\n<\/ol>\r\n<\/li>\r\n<\/ul>\r\n<p>&nbsp;<\/p>\r\n<ol start=\"6\">\r\n<li>Felhaszn\u00e1l\u00f3 tudom\u00e1sul veszi, hogy a Szerz\u0151d\u00e9s megszeg\u00e9se eset\u00e9n regisztr\u00e1ci\u00f3ja \u00e9s\/vagy Felhaszn\u00e1l\u00f3i Tartalmai z\u00e1rol\u00e1sra, illetve t\u00f6rl\u00e9sre ker\u00fclhetnek, melyr\u0151l a Szolg\u00e1ltat\u00f3 saj\u00e1t hat\u00e1sk\u00f6rben, a szerz\u0151d\u00e9sszeg\u00e9s egyedi k\u00f6r\u00fclm\u00e9nyeinek m\u00e9rlegel\u00e9s\u00e9vel jogosult d\u00f6nteni. A Szolg\u00e1ltat\u00f3 kiz\u00e1rja a felel\u0151ss\u00e9get minden, esetlegesen abb\u00f3l ered\u0151 k\u00e1r\u00e9rt, ha a Felhaszn\u00e1l\u00f3 jelen Szerz\u0151d\u00e9sbe \u00fctk\u00f6z\u0151 magatart\u00e1sa vagy jogszab\u00e1ly megs\u00e9rt\u00e9se miatt t\u00f6r\u00f6lte a Felhaszn\u00e1l\u00f3 regisztr\u00e1ci\u00f3j\u00e1t \u00e9s Cafeblog Profilj\u00e1t, valamint az adott Felhaszn\u00e1l\u00f3 \u00e1ltal elhelyezett b\u00e1rmely vagy \u00f6sszes Felhaszn\u00e1l\u00f3i Tartalmat.<\/li>\r\n<li>.<\/li>\r\n<\/ol>\r\n<p>&nbsp;<\/p>\r\n<ol>\r\n<li><strong>Tartalom elhelyez\u00e9se a Szolg\u00e1ltat\u00e1s keret\u00e9n bel\u00fcl<\/strong>\r\n<ol>\r\n<li>A Szolg\u00e1ltat\u00e1s keret\u00e9n bel\u00fcl blogoldalak l\u00e9trehoz\u00e1sa, vagy a m\u0171k\u00f6d\u0151 blogoldalakon \u00faj sz\u00f6veges tartalmak, f\u00e9nyk\u00e9pek, \u00e1br\u00e1k, k\u00e9pek, grafikai \u00e9s audiovizu\u00e1lis \u00e1br\u00e1zol\u00e1sokat vagy alkot\u00e1sokat, stb. egyar\u00e1nt tartalmazhat\u00f3 blogbejegyz\u00e9sek tov\u00e1bbiakban az egyedi blogok, az azon elhelyezett tartalmak, illetve hozz\u00e1sz\u00f3l\u00e1sok k\u00fcl\u00f6n-k\u00fcl\u00f6n \u00e9s egy\u00fctt is: <strong>Felhaszn\u00e1l\u00f3i Tartalom vagy Felhaszn\u00e1l\u00f3i Tartalmak<\/strong>) elhelyez\u00e9se, szerkeszt\u00e9se nem lehets\u00e9ges.<\/li>\r\n<li>&nbsp;<\/li>\r\n<li>A m\u0171k\u00f6d\u0151 blogoldalakon a Felhaszn\u00e1l\u00f3i Tartalmak a Szolg\u00e1ltat\u00e1s keret\u00e9ben megjelennek a Felhaszn\u00e1l\u00f3 megjelen\u00edtend\u0151 nev\u00e9nek felt\u00fcntet\u00e9s\u00e9vel, \u00e9s ezen tartalmak nyilv\u00e1nosak, azokat b\u00e1rki olvashatja, kiv\u00e9ve, amennyiben valamely blogbejegyz\u00e9st az azt a blogoldalon elhelyez\u0151 Felhaszn\u00e1l\u00f3 jelsz\u00f3-v\u00e9delemmel l\u00e1tott el. Ilyen esetben a blogbejegyz\u00e9shez olvas\u00e1sra t\u00f6rt\u00e9n\u0151 hozz\u00e1f\u00e9r\u00e9st lehet\u0151v\u00e9 tev\u0151 jelsz\u00f3 titkoss\u00e1g\u00e1nak meg\u0151rz\u00e9se, illetve annak megoszt\u00e1sa \u00e9s a megoszt\u00e1s m\u00f3dja az adott Felhaszn\u00e1l\u00f3 saj\u00e1t d\u00f6nt\u00e9s\u00e9n \u00e9s v\u00e1laszt\u00e1s\u00e1n m\u00falik, teljes m\u00e9rt\u00e9kben az \u0151 felel\u0151ss\u00e9ge, arra a Szolg\u00e1ltat\u00f3nak semmilyen r\u00e1hat\u00e1sa nincs.<\/li>\r\n<li>A Felhaszn\u00e1l\u00f3 k\u00f6telezetts\u00e9get v\u00e1llal arra, hogy az \u00e1ltala szerkesztett tartalmak, valamint az \u00e1ltala k\u00f6zz\u00e9tett adatok, inform\u00e1ci\u00f3k, stb. a val\u00f3s\u00e1gnak megfelelnek. A Felhaszn\u00e1l\u00f3 k\u00f6teles tart\u00f3zkodni a Szolg\u00e1ltat\u00e1s b\u00e1rmely funkci\u00f3j\u00e1nak jogs\u00e9rt\u0151 m\u00f3don vagy c\u00e9lra t\u00f6rt\u00e9n\u0151 haszn\u00e1lat\u00e1t\u00f3l. A Szolg\u00e1ltat\u00e1s keretein bel\u00fcl t\u00f6rt\u00e9n\u0151 Felhaszn\u00e1l\u00f3i v\u00e9lem\u00e9nynyilv\u00e1n\u00edt\u00e1s nem t\u00fckr\u00f6zi a Szolg\u00e1ltat\u00f3 v\u00e9lem\u00e9ny\u00e9t.<\/li>\r\n<li>A Felhaszn\u00e1l\u00f3 k\u00f6telezetts\u00e9get v\u00e1llal arra, hogy az \u00e1ltala a Szolg\u00e1ltat\u00e1s keret\u00e9ben elhelyezett Felhaszn\u00e1l\u00f3i Tartalom nem \u00fctk\u00f6zik sem jogszab\u00e1lyba, sem j\u00f3 erk\u00f6lcsbe, \u00e9s nem s\u00e9rti harmadik szem\u00e9ly jogait, k\u00fcl\u00f6n\u00f6sen ide\u00e9rtve a szerz\u0151i \u00e9s szem\u00e9lyis\u00e9gi jogokat. A Szolg\u00e1ltat\u00f3 ezen k\u00f6vetelm\u00e9nyeket s\u00e9rt\u0151, valamint \u00fczleti \u00e9rdekeit s\u00e9rt\u0151 vagy vesz\u00e9lyeztet\u0151 Felhaszn\u00e1l\u00f3i Tartalmakat elt\u00e1vol\u00edthatja.<\/li>\r\n<li>Felhaszn\u00e1l\u00f3 k\u00f6telezetts\u00e9get v\u00e1llal arra, hogy amennyiben 18 \u00e9ven aluliak sz\u00e1m\u00e1ra nem aj\u00e1nlott Felhaszn\u00e1l\u00f3i Tartalmat tett k\u00f6zz\u00e9, azt a Szolg\u00e1ltat\u00e1s keret\u00e9n bel\u00fcl erre kialak\u00edtott fel\u00fcleten az adott tartalom k\u00f6zz\u00e9t\u00e9tele el\u0151tt minden egyes alkalommal megfelel\u0151en jel\u00f6lte annak \u00e9rdek\u00e9ben, hogy a Szolg\u00e1ltat\u00f3 \u00e1ltal ezen jel\u00f6l\u00e9shez hozz\u00e1rendelt, a feln\u0151tt tartalmakra figyelmeztet\u0151 megjel\u00f6l\u00e9s automatikusan megjelen\u00edt\u00e9sre ker\u00fclj\u00f6n. Felhaszn\u00e1l\u00f3 tudom\u00e1sul veszi tov\u00e1bb\u00e1, hogy amennyiben valamely blog be\u00e1ll\u00edt\u00e1sainak meghat\u00e1roz\u00e1sa sor\u00e1n egy adminisztr\u00e1tori jogokkal rendelkez\u0151 Felhaszn\u00e1l\u00f3 a teljes blogot 18 \u00e9ven aluliaknak nem aj\u00e1nlott Felhaszn\u00e1l\u00f3i Tartalomk\u00e9nt jel\u00f6li meg, \u00fagy az adott blogon b\u00e1rmely erre jogosult Felhaszn\u00e1l\u00f3 \u00e1ltal k\u00f6zz\u00e9tett minden blogbejegyz\u00e9s 18 \u00e9ven aluliaknak nem aj\u00e1nlottnak min\u0151s\u00fcl \u00e9s a fenti feln\u0151tt tartalomra figyelmeztet\u0151 megjel\u00f6l\u00e9ssel jelenik meg a nyilv\u00e1noss\u00e1g el\u0151tt.<\/li>\r\n<li>A valamely egyedi bloghoz adminisztr\u00e1tori jogosults\u00e1ggal kapcsol\u00f3d\u00f3 Felhaszn\u00e1l\u00f3 tudom\u00e1sul veszi, hogy kiz\u00e1r\u00f3lag az \u0151 feladata \u00e9s felel\u0151ss\u00e9ge, hogy az adott blogoldalon elhelyezett \u00e9s k\u00f6zz\u00e9tett blogbejegyz\u00e9sek \u00e9s hozz\u00e1sz\u00f3l\u00e1sok ne \u00fctk\u00f6zzenek sem jogszab\u00e1lyba, sem j\u00f3 erk\u00f6lcsbe, sem a Szerz\u0151d\u00e9sbe, \u00e9s ne s\u00e9rts\u00e9k harmadik szem\u00e9ly jogait, ide\u00e9rtve k\u00fcl\u00f6n\u00f6sen a szerz\u0151i \u00e9s szem\u00e9lyis\u00e9gi jogokat, illetve ne tartalmazzanak rekl\u00e1mot.<\/li>\r\n<li>A Szolg\u00e1ltat\u00e1s egyes elemei \u00e9s a Szolg\u00e1ltat\u00e1s eg\u00e9sze (bele\u00e9rtve az egyedi blogoldalak l\u00e9trehoz\u00e1s\u00e1hoz felhaszn\u00e1lhat\u00f3 megjelen\u00edt\u00e9si sablonokat \u00e9s a blogoldalakat m\u0171k\u00f6dtet\u0151 szoftvert) szerz\u0151i jogi \u00e9s iparjogv\u00e9delmi v\u00e9delem alatt \u00e1llnak. A szerz\u0151i \u00e9s iparv\u00e9delmi jogok \u00f6sszess\u00e9ge ezen elemeken a Szolg\u00e1ltat\u00f3t vagy a vele szerz\u0151d\u00e9ses kapcsolatban \u00e1ll\u00f3 harmadik szem\u00e9lyeket illetik meg, \u00e9s ezen elemek a Szolg\u00e1ltat\u00e1s rendeltet\u00e9sszer\u0171 haszn\u00e1lat\u00e1val velej\u00e1r\u00f3 futtat\u00e1s\u00e1n, olvas\u00e1s\u00e1n, k\u00e9perny\u0151n t\u00f6rt\u00e9n\u0151 megjelen\u00edt\u00e9s\u00e9n, a blogbejegyz\u00e9sek szerkeszt\u00e9s\u00e9n, \u00e9s az ezekhez sz\u00fcks\u00e9ges ideiglenes t\u00f6bbsz\u00f6r\u00f6z\u00e9sen, tov\u00e1bb\u00e1 a szem\u00e9lyes, nem-kereskedelmi c\u00e9lb\u00f3l t\u00f6rt\u00e9n\u0151 merevlemezre t\u00f6rt\u00e9n\u0151 lement\u00e9sen \u00e9s kinyomtat\u00e1son t\u00fal semmilyen egy\u00e9b form\u00e1ban nem m\u00f3dos\u00edthat\u00f3ak vagy haszn\u00e1lhat\u00f3ak fel vagy hasznos\u00edthat\u00f3ak a Szolg\u00e1ltat\u00f3 el\u0151zetes \u00edr\u00e1sbeli enged\u00e9ly\u00e9nek hi\u00e1ny\u00e1ban.<\/li>\r\n<li>A Szolg\u00e1ltat\u00e1s keret\u00e9ben m\u0171k\u00f6d\u0151 egyes blogoldalakon elhelyezett b\u00e1rmely Felhaszn\u00e1l\u00f3i Tartalom tekintet\u00e9ben a Felhaszn\u00e1l\u00f3 ingyenes, az \u00e1tdolgoz\u00e1s jog\u00e1t is mag\u00e1ban foglal\u00f3, nem kiz\u00e1r\u00f3lagos, ter\u00fcleti korl\u00e1toz\u00e1s n\u00e9lk\u00fcli, hat\u00e1rozatlan id\u0151re sz\u00f3l\u00f3, harmadik szem\u00e9lyre \u00e1truh\u00e1zhat\u00f3 \u00e9s harmadik szem\u00e9ly r\u00e9sz\u00e9re alfelhaszn\u00e1l\u00e1si jog enged\u00e9s\u00e9nek jog\u00e1t is mag\u00e1ban foglal\u00f3, az adott Felhaszn\u00e1l\u00f3i Tartalom valamennyi elem\u00e9re \u00e9s r\u00e9sz\u00e9re kiterjed\u0151 felhaszn\u00e1l\u00e1si jogot enged a Szolg\u00e1ltat\u00f3nak \u00e9s c\u00e9gcsoportj\u00e1nak ac\u00e9lb\u00f3l, hogy a Felhaszn\u00e1l\u00f3i Tartalmakat (vagy azok r\u00e9szeit, kivonatait, stb.) nyilv\u00e1noss\u00e1ghoz k\u00f6zvet\u00edtse a Szolg\u00e1ltat\u00f3 \u00e9s\/vagy a Szolg\u00e1ltat\u00f3 c\u00e9gcsoportja \u00fczemeltet\u00e9s\u00e9ben l\u00e9v\u0151 b\u00e1rmely weboldalon vagy kiad\u00e1s\u00e1ban el\u00e9rhet\u0151 mobil- vagy t\u00e1blag\u00e9p alkalmaz\u00e1sban t\u00f6rt\u00e9n\u0151 megjelen\u00edt\u00e9s \u00fatj\u00e1n, illetve harmadik szem\u00e9lyek \u00e1ltal \u00fczemeltetett weboldalakon, illetve mobil- vagy t\u00e1blag\u00e9p alkalmaz\u00e1sokban t\u00f6rt\u00e9n\u0151 megjelen\u00edt\u00e9s \u00fatj\u00e1n a Szolg\u00e1ltat\u00e1st n\u00e9pszer\u0171s\u00edt\u0151 marketingtev\u00e9kenys\u00e9g c\u00e9lj\u00e1b\u00f3l, azzal, hogy az ilyen felhaszn\u00e1l\u00e1s \u2013 lehet\u0151s\u00e9g szerint \u2013 a Felhaszn\u00e1l\u00f3i Tartalmat tartalmaz\u00f3 egyedi blogoldal, mint forr\u00e1s megjel\u00f6l\u00e9s\u00e9vel t\u00f6rt\u00e9nik.<\/li>\r\n<li>A fent eml\u00edtett felhaszn\u00e1l\u00e1sra vonatkoz\u00f3 feljogos\u00edt\u00e1son t\u00fal a Felhaszn\u00e1l\u00f3 ingyenes, az \u00e1tdolgoz\u00e1s jog\u00e1t is mag\u00e1ban foglal\u00f3, nem kiz\u00e1r\u00f3lagos, ter\u00fcleti korl\u00e1toz\u00e1s n\u00e9lk\u00fcli, hat\u00e1rozatlan id\u0151re sz\u00f3l\u00f3, harmadik szem\u00e9lyre \u00e1truh\u00e1zhat\u00f3 \u00e9s harmadik szem\u00e9ly r\u00e9sz\u00e9re alfelhaszn\u00e1l\u00e1si jog enged\u00e9s\u00e9nek jog\u00e1t is mag\u00e1ban foglal\u00f3, az adott Felhaszn\u00e1l\u00f3i Tartalom valamennyi elem\u00e9re \u00e9s r\u00e9sz\u00e9re kiterjed\u0151 felhaszn\u00e1l\u00e1si jogot enged a Szolg\u00e1ltat\u00f3nak \u00e9s c\u00e9gcsoportj\u00e1nak mindazon felhaszn\u00e1l\u00e1si m\u00f3dokra, amelyek a Felhaszn\u00e1l\u00f3i Tartalmak Szolg\u00e1ltat\u00e1sban t\u00f6rt\u00e9n\u0151 kezel\u00e9s\u00e9hez sz\u00fcks\u00e9gesek, azaz a m\u0171vek t\u00e1rol\u00e1s\u00e1ra, m\u00e1sol\u00e1s\u00e1ra, m\u00f3dos\u00edt\u00e1s\u00e1ra, terjeszt\u00e9s\u00e9re, k\u00f6zvet\u00edt\u00e9s\u00e9re, megjelentet\u00e9s\u00e9re, t\u00f6bbsz\u00f6r\u00f6z\u00e9s\u00e9re, szerkeszt\u00e9s\u00e9re, ford\u00edt\u00e1s\u00e1ra, form\u00e1z\u00e1s\u00e1ra.<\/li>\r\n<li>Ha a jelen szerz\u0151d\u00e9sben meghat\u00e1rozott felhaszn\u00e1l\u00e1si m\u00f3dok a j\u00f6v\u0151ben \u00fagy v\u00e1ltoznak vagy b\u0151v\u00fclnek, hogy a szerz\u0151d\u00e9s al\u00e1\u00edr\u00e1sakor ismert \u00e9s enged\u00e9lyezett felhaszn\u00e1l\u00e1si m\u00f3dok megval\u00f3sul\u00e1s\u00e1t kedvez\u0151bben, hat\u00e9konyabban vagy jobb min\u0151s\u00e9gben teszik lehet\u0151v\u00e9, a jelen Szerz\u0151d\u00e9s alapj\u00e1n a Szolg\u00e1ltat\u00f3 \u00e1ltal megszerzett jogosults\u00e1g e megv\u00e1ltozott vagy kib\u0151v\u00fclt felhaszn\u00e1l\u00e1si m\u00f3dokra is kiterjed.<\/li>\r\n<li>A Felhaszn\u00e1l\u00f3 korl\u00e1tlan szavatoss\u00e1got \u00e9s helyt\u00e1ll\u00e1si k\u00f6telezetts\u00e9get v\u00e1llal az\u00e9rt, hogy az \u00e1ltala nyilv\u00e1noss\u00e1gra hozott Felhaszn\u00e1l\u00f3i Tartalom tekintet\u00e9ben megfelel\u0151 jogosults\u00e1gokkal rendelkezik a Felhaszn\u00e1l\u00f3i Tartalom \u2013 Szolg\u00e1ltat\u00e1s keret\u00e9ben t\u00f6rt\u00e9n\u0151 \u2013 t\u00e1rol\u00e1s\u00e1ra, valamint a jelen Szerz\u0151d\u00e9s alapj\u00e1n a Szolg\u00e1ltat\u00f3nak enged\u00e9lyezett felhaszn\u00e1l\u00e1si jog enged\u00e9s\u00e9re, \u00e9s harmadik szem\u00e9lynek nincs olyan joga, amely a Felhaszn\u00e1l\u00f3i Tartalom k\u00f6zz\u00e9t\u00e9tel\u00e9t \u00e9s a Szolg\u00e1ltat\u00f3 jogenged\u00e9s k\u00f6vetkezt\u00e9ben t\u00f6rt\u00e9n\u0151 joggyakorl\u00e1s\u00e1t kiz\u00e1rn\u00e1 vagy akad\u00e1lyozn\u00e1.<\/li>\r\n<li>A Szolg\u00e1ltat\u00f3 a Felhaszn\u00e1l\u00f3i Tartalmakat nem archiv\u00e1lja, ez\u00e9rt amennyiben a Felhaszn\u00e1l\u00f3nak sz\u00fcks\u00e9ge van a k\u00f6zz\u00e9tett inform\u00e1ci\u00f3k mag\u00e1nc\u00e9l\u00fa meg\u0151rz\u00e9s\u00e9re, k\u00e9rj\u00fck, gondoskodjon a megfelel\u0151 ment\u00e9sr\u0151l \u00e9s t\u00e1rol\u00e1sr\u00f3l.<\/li>\r\n<li>A Szolg\u00e1ltat\u00f3 akkor ellen\u0151rzi a Felhaszn\u00e1l\u00f3i Tartalmakat, ha annak tartalm\u00e1ra felh\u00edvj\u00e1k a figyelm\u00e9t. Ebben az esetben a Szolg\u00e1ltat\u00f3 a rendelkez\u00e9s\u00e9re \u00e1ll\u00f3 inform\u00e1ci\u00f3k alapj\u00e1n d\u00f6nt a Felhaszn\u00e1l\u00f3i Tartalom elt\u00e1vol\u00edt\u00e1s\u00e1r\u00f3l.<\/li>\r\n<li>Amennyiben a Szolg\u00e1ltat\u00f3 tudom\u00e1s\u00e1ra jut, hogy a Szolg\u00e1ltat\u00e1s keret\u00e9n bel\u00fcl jogs\u00e9rt\u0151 inform\u00e1ci\u00f3 tal\u00e1lhat\u00f3, a vonatkoz\u00f3 jogszab\u00e1lyi k\u00f6vetelm\u00e9nyeknek megfelel\u0151en j\u00e1r el az inform\u00e1ci\u00f3 elt\u00e1vol\u00edt\u00e1sa, vagy a hozz\u00e1f\u00e9r\u00e9s nem biztos\u00edt\u00e1sa tekintet\u00e9ben, bele\u00e9rtve a Felhaszn\u00e1l\u00f3i Tartalmak t\u00f6rl\u00e9s\u00e9t. Tekintettel azonban arra, hogy a Szolg\u00e1ltat\u00f3 t\u00e1rhelyszolg\u00e1ltat\u00f3i min\u0151s\u00e9g\u00e9ben jellemz\u0151en csup\u00e1n korl\u00e1tozott k\u00f6rben rendelkezik olyan inform\u00e1ci\u00f3kkal, amelyek azonnal meg\u00edt\u00e9lhet\u0151v\u00e9 teszik valamely Felhaszn\u00e1l\u00f3i Tartalom jogs\u00e9rt\u0151 jelleg\u00e9t, a Szolg\u00e1ltat\u00f3 javasolja, hogy amennyiben valamely blogoldalon elhelyezett Felhaszn\u00e1l\u00f3i Tartalom valamely harmadik szem\u00e9ly jog\u00e1t s\u00e9rti, ezen harmadik szem\u00e9ly el\u0151sz\u00f6r az adott egyedi blogoldalt adminisztr\u00e1tori jogosults\u00e1ggal szerkeszt\u0151 (valamely) Felhaszn\u00e1l\u00f3t keresse meg a jogszer\u0171 \u00e1llapot helyre\u00e1ll\u00edt\u00e1sa \u00e9rdek\u00e9ben, \u00e9s csak azt k\u00f6vet\u0151en forduljon a Szolg\u00e1ltat\u00f3hoz a Szolg\u00e1ltat\u00e1s nyit\u00f3oldal\u00e1n erre a c\u00e9lra elhelyezett \u00fczenetk\u00fcld\u0151 fel\u00fcleten kereszt\u00fcl, ha az adott blogoldalt adminisztr\u00e1tori jogosults\u00e1ggal szerkeszt\u0151 (valamely) Felhaszn\u00e1l\u00f3 megkeres\u00e9sre nem reag\u00e1lt \u00e9s\/vagy a jogs\u00e9rt\u0151 \u00e1llapotot a megkeres\u00e9s ellen\u00e9re nem sz\u00fcntette meg. Ilyenkor a Szolg\u00e1ltat\u00f3 az Elker. tv.-ben el\u0151\u00edrtaknak megfelel\u0151, bizony\u00edt\u00e9kokkal al\u00e1t\u00e1masztott \u00e9rtes\u00edt\u00e9sen alapul\u00f3 tudom\u00e1sszerz\u00e9st \u00e9s \u2013 lehet\u0151s\u00e9g szerint \u2013 a blogot adminisztr\u00e1tori jogosults\u00e1ggal szerkeszt\u0151 (valamely) Felhaszn\u00e1l\u00f3val t\u00f6rt\u00e9nt egyeztet\u00e9st k\u00f6vet\u0151en saj\u00e1t bel\u00e1t\u00e1sa szerint, a vonatkoz\u00f3 jogszab\u00e1lyi k\u00f6vetelm\u00e9nyek betart\u00e1s\u00e1val maga j\u00e1r el az inform\u00e1ci\u00f3 elt\u00e1vol\u00edt\u00e1sa, vagy a hozz\u00e1f\u00e9r\u00e9s nem biztos\u00edt\u00e1sa tekintet\u00e9ben.<\/li>\r\n<li>A Felhaszn\u00e1l\u00f3 a Szolg\u00e1ltat\u00e1s rendszer\u00e9n bel\u00fcl az egyes blogbejegyz\u00e9sekhez tett hozz\u00e1sz\u00f3l\u00e1sai kiv\u00e9tel\u00e9vel b\u00e1rmikor t\u00f6r\u00f6lheti az \u00e1ltala a Szolg\u00e1ltat\u00e1s keret\u00e9ben elhelyezett Felhaszn\u00e1l\u00f3i Tartalmakat. Valamely blogon adminisztr\u00e1tori jogosults\u00e1ggal rendelkez\u0151 Felhaszn\u00e1l\u00f3 a teljes blogot csak akkor tudja t\u00f6r\u00f6lni, ha annak a t\u00f6rl\u00e9s pillanat\u00e1ban nincs m\u00e1s adminisztr\u00e1tori jogosults\u00e1g\u00fa felhaszn\u00e1l\u00f3ja. Ilyen esetben az adott egyedi blogoldal t\u00f6rl\u00e9s\u00e9t kezdem\u00e9nyez\u0151 Felhaszn\u00e1l\u00f3t\u00f3l k\u00fcl\u00f6nb\u00f6z\u0151 m\u00e1s Felhaszn\u00e1l\u00f3k \u00e1ltal elhelyezett bejegyz\u00e9sek is t\u00f6rl\u00e9sre ker\u00fclnek. Ha azonban a blogoldalhoz a t\u00f6rl\u00e9s pillanat\u00e1ban kapcsol\u00f3dik m\u00e1s adminisztr\u00e1tori jogosult\u00e1g\u00fa Felhaszn\u00e1l\u00f3 is, akkor a \u201eteljes blog t\u00f6rl\u00e9se\u201d funkci\u00f3 alkalmaz\u00e1sa sor\u00e1n csak a t\u00f6rl\u00e9st kezdem\u00e9nyez\u0151 adminisztr\u00e1tori jogosults\u00e1g\u00fa Felhaszn\u00e1l\u00f3 \u00e1ltal az oldalon elhelyezett blogbejegyz\u00e9sek t\u00f6rl\u0151dnek.<\/li>\r\n<li>A Felhaszn\u00e1l\u00f3i Tartalmak t\u00f6rl\u00e9se a Szolg\u00e1ltat\u00f3 r\u00e9sz\u00e9re engedett felhaszn\u00e1l\u00e1si jogokat nem \u00e9rinti.<\/li>\r\n<li>Figyelem! A Szolg\u00e1ltat\u00e1s keret\u00e9ben nyilv\u00e1noss\u00e1gra hozott inform\u00e1ci\u00f3k \u00e9s Felhaszn\u00e1l\u00f3i Tartalmak b\u00e1rki sz\u00e1m\u00e1ra nyilv\u00e1nosak. Az egyedi blogoldalak a webes keres\u0151k el\u0151l elrejthet\u0151ek, de ez csup\u00e1n azt a c\u00e9lt szolg\u00e1lja, hogy a webes keres\u0151kbe be\u00edrt kulcsszavas keres\u00e9s eset\u00e9n ne jelenjen meg tal\u00e1latk\u00e9nt a Felhaszn\u00e1l\u00f3 \u00e1ltal szerkesztett egyedi blogoldal. A Szolg\u00e1ltat\u00e1s keret\u00e9n bel\u00fcl, vagy a Felhaszn\u00e1l\u00f3i blogoldal linkj\u00e9nek k\u00f6zvetlen ismeret\u00e9ben a Felhaszn\u00e1l\u00f3 egyedi blogoldala b\u00e1rki sz\u00e1m\u00e1ra megtekinthet\u0151, megtal\u00e1lhat\u00f3.<\/li>\r\n<li>Szolg\u00e1ltat\u00f3 a Felhaszn\u00e1l\u00f3 el\u0151zetes beleegyez\u00e9s\u00e9t k\u00f6vet\u0151en a Szolg\u00e1ltat\u00e1s keret\u00e9ben l\u00e9trehozott valamennyi blogoldalon jogosult saj\u00e1t vagy harmadik szem\u00e9lyek term\u00e9keit, szolg\u00e1ltat\u00e1sait, tev\u00e9kenys\u00e9g\u00e9t stb. n\u00e9pszer\u0171s\u00edt\u0151 hirdet\u00e9st elhelyezni a blogoldal fel\u00fclet\u00e9n.<\/li>\r\n<li>A Szolg\u00e1ltat\u00f3 \u00e1ltal kor\u00e1bban meghirdetett Cafeblog VIP programban r\u00e9szt vev\u0151 blog oldalak Felhaszn\u00e1l\u00f3i, valamint adminisztr\u00e1tori jogosults\u00e1ggal rendelkez\u0151 tov\u00e1bbi Felhaszn\u00e1l\u00f3k hirdet\u00e9si jutal\u00e9kb\u00f3l val\u00f3 r\u00e9szesed\u00e9sben vagy tov\u00e1bbi d\u00edjaz\u00e1sban nem r\u00e9szes\u00fclnek.<\/li>\r\n<\/ol>\r\n<\/li>\r\n<\/ol>\r\n<p>&nbsp;<\/p>\r\n<ol>\r\n<li><strong>A Szolg\u00e1ltat\u00e1s rendeltet\u00e9sszer\u0171 haszn\u00e1lata<\/strong>\r\n<ol>\r\n<li>A Szolg\u00e1ltat\u00e1s kiz\u00e1r\u00f3lag a hat\u00e1lyos jogszab\u00e1lyok keretei k\u00f6z\u00f6tt, harmadik szem\u00e9lyek \u00e9s a Szolg\u00e1ltat\u00f3 jogainak s\u00e9relme n\u00e9lk\u00fcl, illetve a jelen Szerz\u0151d\u00e9s betart\u00e1sa mellett haszn\u00e1lhat\u00f3.<\/li>\r\n<li>Tilos b\u00e1rmilyen olyan rendszer vagy megold\u00e1s haszn\u00e1lata, amely a Szolg\u00e1ltat\u00e1s jelen Szerz\u0151d\u00e9sben kifejezetten nem enged\u00e9lyezett m\u00f3don t\u00f6rt\u00e9n\u0151 felhaszn\u00e1l\u00e1s\u00e1t vagy a Szolg\u00e1ltat\u00e1s \u00fczemeltet\u00e9s\u00e9hez haszn\u00e1lt szerverek le\u00e1ll\u00e1s\u00e1t c\u00e9lozza, teszi lehet\u0151v\u00e9 vagy azt eredm\u00e9nyezheti, vagy amely egy\u00e9bk\u00e9nt vesz\u00e9lyezteti a Szolg\u00e1ltat\u00e1s rendeltet\u00e9sszer\u0171 m\u0171k\u00f6dtet\u00e9s\u00e9t.<\/li>\r\n<li>A Felhaszn\u00e1l\u00f3t terheli a teljes felel\u0151ss\u00e9g a Szolg\u00e1ltat\u00e1ssal kapcsolatban v\u00e9gzett valamennyi tev\u00e9kenys\u00e9g\u00e9\u00e9rt. Amennyiben valamely Felhaszn\u00e1l\u00f3 a jelen Szerz\u0151d\u00e9s vagy jogszab\u00e1lyba \u00fctk\u00f6z\u0151en, vagy egy\u00e9bk\u00e9nt vissza\u00e9l\u00e9sszer\u0171en haszn\u00e1lja a Szolg\u00e1ltat\u00e1st, vagy a Szolg\u00e1ltat\u00e1s keret\u00e9n bel\u00fcl gyan\u00edthat\u00f3an jogs\u00e9rt\u0151 inform\u00e1ci\u00f3hoz hozz\u00e1f\u00e9r\u00e9s biztos\u00edt\u00e1sa vagy b\u0171ncselekm\u00e9ny elk\u00f6vet\u00e9se t\u00f6rt\u00e9nik, a Szolg\u00e1ltat\u00f3 jogosult a Felhaszn\u00e1l\u00f3 hozz\u00e1f\u00e9r\u00e9si jogait megsz\u00fcntetni, tov\u00e1bb\u00e1 felhaszn\u00e1l\u00f3i adatait \u00e9s a Felhaszn\u00e1l\u00f3 \u00e1ltal k\u00f6zz\u00e9- vagy el\u00e9rhet\u0151v\u00e9 tett inform\u00e1ci\u00f3kat, bele\u00e9rtve mag\u00e1t a Felhaszn\u00e1l\u00f3 Cafeblog Profilj\u00e1t is, el\u0151zetes \u00e9rtes\u00edt\u00e9s n\u00e9lk\u00fcl t\u00f6r\u00f6lni. Ezek az int\u00e9zked\u00e9sek a Felhaszn\u00e1l\u00f3val szemben m\u00e1s n\u00e9ven t\u00f6rt\u00e9n\u0151 bejelentkez\u00e9s vagy m\u00e1s adataival t\u00f6rt\u00e9n\u0151 vissza\u00e9l\u00e9s eset\u00e9n is alkalmazhat\u00f3ak. Vissza\u00e9l\u00e9sszer\u0171 haszn\u00e1latnak min\u0151s\u00fcl k\u00fcl\u00f6n\u00f6sen, de nem kiz\u00e1r\u00f3lagosan a blogoldalak link\u00e9p\u00edt\u00e9sre vagy m\u00e1s olyan c\u00e9lra val\u00f3 haszn\u00e1lata, amely nem a felhaszn\u00e1l\u00f3 \u00f6nkifejez\u00e9s\u00e9nek, hanem valamely m\u00e1s internetes tartalom l\u00e1togatotts\u00e1ga optimaliz\u00e1l\u00e1s\u00e1nak megval\u00f3s\u00edt\u00e1s\u00e1t szolg\u00e1lja.<\/li>\r\n<li>A Cafeblog Profil \u00e9s az ahhoz kapcsol\u00f3d\u00f3 jelsz\u00f3 titkoss\u00e1g\u00e1nak meg\u0151rz\u00e9se teljes m\u00e9rt\u00e9kben a Felhaszn\u00e1l\u00f3 felel\u0151ss\u00e9ge. A Felhaszn\u00e1l\u00f3 k\u00f6teles a Szolg\u00e1ltat\u00f3t halad\u00e9ktalanul t\u00e1j\u00e9koztatni profilja b\u00e1rmilyen jogosulatlan felhaszn\u00e1l\u00e1s\u00e1r\u00f3l, vagy b\u00e1rmilyen egy\u00e9b, a biztons\u00e1got s\u00e9rt\u0151 cselekedetr\u0151l. A Szolg\u00e1ltat\u00f3 az adatok illet\u00e9ktelen szem\u00e9lyek tudom\u00e1s\u00e1ra jut\u00e1s\u00e1nak megakad\u00e1lyoz\u00e1sa \u00e9rdek\u00e9ben a sz\u00fcks\u00e9ges \u00e9s rendelkez\u00e9s\u00e9re \u00e1ll\u00f3 technikai megold\u00e1sokat alkalmazza, \u00e9s nem v\u00e1llal felel\u0151ss\u00e9get a felhaszn\u00e1l\u00f3i jelszavaknak vagy profiloknak a Felhaszn\u00e1l\u00f3k tudt\u00e1val vagy tudta n\u00e9lk\u00fcl t\u00f6rt\u00e9n\u0151, illet\u00e9ktelen haszn\u00e1lat\u00e1b\u00f3l ered\u0151 k\u00e1rok\u00e9rt.<\/li>\r\n<\/ol>\r\n<\/li>\r\n<\/ol>\r\n<p>&nbsp;<\/p>\r\n<ol>\r\n<li><strong>Felel\u0151ss\u00e9g<\/strong>\r\n<ol>\r\n<li>Szolg\u00e1ltat\u00f3 c\u00e9lkit\u0171z\u00e9se, hogy a Szolg\u00e1ltat\u00e1st a lehet\u0151 legmagasabb sz\u00ednvonalon ny\u00fajtsa, azonban a Szolg\u00e1ltat\u00e1s - ide\u00e9rtve a Szolg\u00e1ltat\u00e1s \u00fczemeltet\u00e9se sor\u00e1n haszn\u00e1lt szoftvert is - pontoss\u00e1g\u00e1\u00e9rt, megb\u00edzhat\u00f3s\u00e1g\u00e1\u00e9rt, hibamentes m\u0171k\u00f6d\u00e9s\u00e9\u00e9rt, adott c\u00e9lra val\u00f3 alkalmass\u00e1g\u00e1\u00e9rt \u00e9s az ezek hi\u00e1ny\u00e1b\u00f3l ered\u0151 k\u00f6zvetlen vagy k\u00f6zvetett k\u00e1rok\u00e9rt vagy egy\u00e9b jogk\u00f6vetkezm\u00e9nyek\u00e9rt a Szolg\u00e1ltat\u00f3 semmilyen felel\u0151ss\u00e9get nem v\u00e1llal. A Szolg\u00e1ltat\u00f3 nem felel tov\u00e1bb\u00e1 a rajta k\u00edv\u00fcl \u00e1ll\u00f3 okkal \u00f6sszef\u00fcgg\u00e9sben keletkezett hib\u00e1k\u00e9rt \u00e9s ezek k\u00f6vetkezm\u00e9nyei\u00e9rt, ilyen lehet p\u00e9ld\u00e1ul az Internetes h\u00e1l\u00f3zatban keletkezett technikai meghib\u00e1sod\u00e1s vagy kimarad\u00e1s, b\u00e1rmilyen eredet\u0171 technikai le\u00e1ll\u00e1s, sz\u00fcnet, inform\u00e1ci\u00f3- \u00e9s\/vagy adatveszt\u00e9s, m\u00e1sok \u00e1ltal elhelyezett rombol\u00f3 alkalmaz\u00e1sok vagy programok (p\u00e9ld\u00e1ul: v\u00edrusok, f\u00e9rgek, makr\u00f3k vagy hacker tev\u00e9kenys\u00e9gek).<\/li>\r\n<li>A regisztr\u00e1ci\u00f3 sor\u00e1n t\u00f6rt\u00e9n\u0151 adatk\u00f6zl\u00e9s hi\u00e1nyoss\u00e1gai\u00e9rt, illetve a hib\u00e1san megadott adatokb\u00f3l ad\u00f3d\u00f3 b\u00e1rmilyen k\u00f6vetkezm\u00e9ny\u00e9rt a Szolg\u00e1ltat\u00f3 felel\u0151ss\u00e9get nem v\u00e1llal.<\/li>\r\n<li>Amennyiben a Felhaszn\u00e1l\u00f3 magatart\u00e1sa k\u00f6vetkezt\u00e9ben vagy azzal \u00f6sszef\u00fcgg\u00e9sben harmadik szem\u00e9ly vagy b\u00e1rmely hat\u00f3s\u00e1g illetve b\u00edr\u00f3s\u00e1g Szolg\u00e1ltat\u00f3val szemben b\u00e1rmilyen ig\u00e9nyt t\u00e1maszt illetve elj\u00e1r\u00e1st ind\u00edt, a Felhaszn\u00e1l\u00f3 k\u00f6teles minden, a Szolg\u00e1ltat\u00f3 \u00e1ltal megk\u00f6vetelt int\u00e9zked\u00e9st megtenni, \u00e9s k\u00f6teles a Szolg\u00e1ltat\u00f3nak megt\u00e9r\u00edteni minden olyan k\u00e1rt, vagyoni h\u00e1tr\u00e1nyt \u00e9s k\u00f6lts\u00e9get, ami a Szolg\u00e1ltat\u00f3t a Felhaszn\u00e1l\u00f3 b\u00e1rmely jogellenes magatart\u00e1sa miatt vagy azzal \u00f6sszef\u00fcgg\u00e9sben \u00e9ri.<\/li>\r\n<li>A Szolg\u00e1ltat\u00e1s haszn\u00e1lata keret\u00e9ben a Felhaszn\u00e1l\u00f3k \u00e1ltal elhelyezett Felhaszn\u00e1l\u00f3i Tartalmak\u00e9rt kiz\u00e1r\u00f3lag a Felhaszn\u00e1l\u00f3k tartoznak felel\u0151ss\u00e9ggel a jelen Szerz\u0151d\u00e9sben meghat\u00e1rozottak szerint. A Szolg\u00e1ltat\u00f3 kiz\u00e1r minden felel\u0151ss\u00e9get a Felhaszn\u00e1l\u00f3 \u00e1ltal okozott, vagy egy\u00e9bk\u00e9nt a Felhaszn\u00e1l\u00f3 magatart\u00e1s\u00e1val \u00f6sszef\u00fcgg\u00e9sben felmer\u00fclt mindennem\u0171 vagyoni vagy nem vagyoni k\u00e1r \u00e9s jogs\u00e9relem, illetve egy\u00e9b k\u00f6vetkezm\u00e9ny vonatkoz\u00e1s\u00e1ban.<\/li>\r\n<li>Az inform\u00e1ci\u00f3s rendszerek biztons\u00e1g\u00e1t s\u00e9rt\u0151 magatart\u00e1sokkal okozott, vagy azokkal \u00f6sszef\u00fcgg\u00e9sben keletkezett k\u00e1rok\u00e9rt kiz\u00e1r\u00f3lag az ilyen magatart\u00e1sok megval\u00f3s\u00edt\u00f3ja a felel\u0151s, ez\u00e9rt a Szolg\u00e1ltat\u00f3 a felel\u0151ss\u00e9g\u00e9t kiz\u00e1rja, minden olyan eset\u00e9rt, amely a Szolg\u00e1ltat\u00e1s haszn\u00e1lata k\u00f6zben keletkezik, ide\u00e9rtve a v\u00edrusok vagy egy\u00e9b k\u00e1rokoz\u00e1sra alkalmas szoftverek haszn\u00e1lat\u00e1t vagy terjeszt\u00e9s\u00e9t, a Szolg\u00e1ltat\u00f3 birtok\u00e1ban l\u00e9v\u0151 szem\u00e9lyes \u00e9s egy\u00e9b adatokhoz val\u00f3 jogosulatlan hozz\u00e1f\u00e9r\u00e9st, azok megsemmis\u00edt\u00e9s\u00e9t, k\u00e1ros\u00edt\u00e1s\u00e1t vagy nyilv\u00e1noss\u00e1gra hozatal\u00e1t \u00e9s egy\u00e9b hacker-tev\u00e9kenys\u00e9geket is.<\/li>\r\n<li>Valamely blogoldalon elhelyezett Felhaszn\u00e1l\u00f3i Tartalmak\u00e9rt az adott blogoldal mindenkori adminisztr\u00e1tori jogosults\u00e1g\u00fa Felhaszn\u00e1l\u00f3ja viseli a felel\u0151ss\u00e9get. Az olyan Felhaszn\u00e1l\u00f3 \u00e1ltal egy adott blogoldalon elhelyezett tartalmak\u00e9rt, akinek az adminisztr\u00e1tori jogosults\u00e1ga visszavon\u00e1sra ker\u00fclt, a tov\u00e1bbiakban a blogoldal kapcs\u00e1n adminisztr\u00e1tori jogosults\u00e1ggal rendelkez\u0151 m\u00e1s Felhaszn\u00e1l\u00f3 felel. Ha valamely blogoldal akk\u00e9nt l\u00e9tezik a Szolg\u00e1ltat\u00e1s keret\u00e9ben, hogy nincs adminisztr\u00e1tori jogosults\u00e1ggal rendelkez\u0151 Felhaszn\u00e1l\u00f3ja, \u00fagy az azon tal\u00e1lhat\u00f3 tartalmak\u00e9rt a felel\u0151ss\u00e9get a blogoldal azon Felhaszn\u00e1l\u00f3ja viseli, aki annak kapcs\u00e1n id\u0151rendben utolj\u00e1ra rendelkezett ilyen jogosults\u00e1ggal. Ha valamely egyedi blogoldalnak t\u00f6bb adminisztr\u00e1tori jogosults\u00e1ggal rendelkez\u0151 Felhaszn\u00e1l\u00f3ja van, \u00fagy azok a jelen Szerz\u0151d\u00e9sben foglalt k\u00f6telezetts\u00e9gek betart\u00e1s\u00e1\u00e9rt a Szolg\u00e1ltat\u00f3val szemben egyetemlegesen felelnek.<\/li>\r\n<li>A Szolg\u00e1ltat\u00f3 kiz\u00e1rja a felel\u0151ss\u00e9g\u00e9t minden, a Szerz\u0151d\u00e9s b\u00e1rmely okb\u00f3l t\u00f6rt\u00e9n\u0151 megsz\u0171n\u00e9s\u00e9b\u0151l ered\u0151 k\u00e1r\u00e9rt, k\u00fcl\u00f6n\u00f6sen, ha a Felhaszn\u00e1l\u00f3 szerz\u0151d\u00e9sszeg\u00e9se vagy valamely hat\u00f3s\u00e1g utas\u00edt\u00e1s\u00e1ra t\u00f6r\u00f6lte a Felhaszn\u00e1l\u00f3 regisztr\u00e1ci\u00f3j\u00e1t \u00e9s annak Cafeblog Profilj\u00e1t.<\/li>\r\n<li>Amennyiben \u00d6n a saj\u00e1t weboldal\u00e1n a Cafeblog Szolg\u00e1ltat\u00e1s nyit\u00f3oldal\u00e1ra vagy a Szolg\u00e1ltat\u00e1s keret\u00e9ben l\u00e9trehozott blogoldalra vagy ezek valamely elem\u00e9re mutat\u00f3 linket, vagyis hiperhivatkoz\u00e1st (Link) k\u00edv\u00e1n elhelyezni, azt kiz\u00e1r\u00f3lag a k\u00f6vetkez\u0151 m\u00f3don teheti meg:<\/li>\r\n<\/ol>\r\n<\/li>\r\n<\/ol>\r\n<p>\u201eForr\u00e1s:http:\/\/(blogn\u00e9v).cafeblog.hu&nbsp;aloldal k\u00f6zvetlen (deep) linkje\u201d<\/p>\r\n<p>&nbsp;<\/p>\r\n<ul>\r\n<li><strong>A Szerz\u0151d\u00e9s megsz\u0171n\u00e9se<\/strong>\r\n<ol>\r\n<li>A Felhaszn\u00e1l\u00f3 a profilj\u00e1ba bel\u00e9pve b\u00e1rmikor t\u00f6r\u00f6lheti a regisztr\u00e1ci\u00f3j\u00e1t, amely esetben a profilban megadott e-mail c\u00edm\u00e9re a t\u00f6rl\u00e9st meger\u0151s\u00edt\u0151 linket tartalmaz\u00f3 elektronikus lev\u00e9l \u00e9rkezik. A link az elk\u00fcld\u00e9s\u00e9t\u0151l sz\u00e1m\u00edtott 48 \u00f3r\u00e1n bel\u00fcli lekattint\u00e1s\u00e1val a regisztr\u00e1ci\u00f3 \u00e9s a Felhaszn\u00e1l\u00f3 Cafeblog Profilja t\u00f6rl\u00e9sre ker\u00fcl, \u00e9s a jelen Szerz\u0151d\u00e9s azonnali hat\u00e1llyal \u00e9s automatikusan megsz\u0171nik. A link lekattint\u00e1s\u00e1nak hi\u00e1ny\u00e1ban, illetve 48 \u00f3ra eltelt\u00e9t k\u00f6vet\u0151 lekattint\u00e1sa eset\u00e9n a regisztr\u00e1ci\u00f3 fennmarad. A regisztr\u00e1ci\u00f3 t\u00f6rl\u00e9se a Szolg\u00e1ltat\u00f3nak k\u00fcld\u00f6tt elektronikus vagy is kezdem\u00e9nyezhet\u0151. Amennyiben a Felhaszn\u00e1l\u00f3 a regisztr\u00e1ci\u00f3ja t\u00f6rl\u00e9se el\u0151tt nem rendelkezik a IV.16 pontban foglaltak szerint a Szolg\u00e1ltat\u00e1s keret\u00e9ben \u00e1ltala elhelyezett Felhaszn\u00e1l\u00f3i Tartalmakr\u00f3l, \u00fagy ezen Felhaszn\u00e1l\u00f3i Tartalmak, tov\u00e1bbra is fennmaradnak \u00e9s el\u00e9rhet\u0151ek, azzal, hogy a Felhaszn\u00e1l\u00f3 regisztr\u00e1ci\u00f3j\u00e1nak t\u00f6rl\u00e9s\u00e9t k\u00f6vet\u0151en azokhoz a Felhaszn\u00e1l\u00f3nak a Szolg\u00e1ltat\u00e1s keret\u00e9ben haszn\u00e1lt megjelen\u00edtend\u0151 neve m\u00e1r nem rendel\u0151dik hozz\u00e1, helyette ezen Felhaszn\u00e1l\u00f3i Tartalmak szerz\u0151jek\u00e9nt \u201eT\u00f6r\u00f6lt felhaszn\u00e1l\u00f3\u201d megjel\u00f6l\u00e9s lesz el\u00e9rhet\u0151.<\/li>\r\n<li>Amennyiben valamely Felhaszn\u00e1l\u00f3 \u00fagy t\u00f6rli a regisztr\u00e1ci\u00f3j\u00e1t, hogy a t\u00f6rl\u00e9s id\u0151pontj\u00e1ban valamely blogoldal egyed\u00fcli adminisztr\u00e1tori jogosults\u00e1g\u00fa Felhaszn\u00e1l\u00f3ja volt, \u00e9s az adott blogoldalon elhelyezett Felhaszn\u00e1l\u00f3i Tartalmakat nem t\u00f6r\u00f6lte, \u00fagy az adott blogoldalon a regisztr\u00e1ci\u00f3 t\u00f6rl\u00e9s\u00e9nek id\u0151pontj\u00e1val a Szolg\u00e1ltat\u00f3 megsz\u00fcnteti minden egy\u00e9b, esetlegesen m\u00e1s jogosults\u00e1ggal a bloghoz kapcsol\u00f3d\u00f3 Felhaszn\u00e1l\u00f3 sz\u00e1m\u00e1ra a blog szerkeszt\u00e9s\u00e9nek lehet\u0151s\u00e9g\u00e9t, valamint a blogon \u00faj hozz\u00e1sz\u00f3l\u00e1sok elhelyez\u00e9s\u00e9nek lehet\u0151s\u00e9g\u00e9t.<\/li>\r\n<li>.<\/li>\r\n<li>Felhaszn\u00e1l\u00f3 tudom\u00e1sul veszi, hogy a Szerz\u0151d\u00e9s megsz\u0171n\u00e9se vagy a Felhaszn\u00e1l\u00f3i Tartalom elt\u00e1vol\u00edt\u00e1sa a Szolg\u00e1ltat\u00f3 r\u00e9sz\u00e9re engedett felhaszn\u00e1l\u00e1si jogokat nem \u00e9rinti, tov\u00e1bb\u00e1 hogy technikai okokb\u00f3l a t\u00f6r\u00f6lt Felhaszn\u00e1l\u00f3i Tartalmak ideiglenesen fennmaradhatnak t\u00f6bbek k\u00f6z\u00f6tt olyan arch\u00edvumokban vagy gy\u0171jtem\u00e9nyekben is, amik a felhaszn\u00e1l\u00f3i tartalomelemek m\u00e1solatait haszn\u00e1lj\u00e1k fel (pl. blogaj\u00e1nl\u00f3k).<\/li>\r\n<li>A Szolg\u00e1ltat\u00f3 fenntartja a jogot, hogy a Szolg\u00e1ltat\u00e1s b\u00e1rmely tartalmi elem\u00e9t, vagy a Szolg\u00e1ltat\u00e1s eg\u00e9sz\u00e9t megsz\u00fcntesse, amely ut\u00f3bbi esetben a jelen Szerz\u0151d\u00e9s automatikusan megsz\u0171nik.<\/li>\r\n<\/ol>\r\n<\/li>\r\n<\/ul>\r\n<p>&nbsp;<\/p>\r\n<ul>\r\n<li><strong>Adatv\u00e9delem<\/strong>\r\n<ol>\r\n<li>A Felhaszn\u00e1l\u00f3k szem\u00e9lyes adatainak kezel\u00e9s\u00e9r\u0151l az <a href=\"https:\/\/sales.centralmediacsoport.hu\/uploads\/data\/fajlok\/ADATKEZELE%CC%81SI%20TA%CC%81JE%CC%81KOZTATO%CC%81_CMCS_2020.pdf\">Adatkezel\u00e9si T\u00e1j\u00e9koztat\u00f3<\/a> \u00e9s az <a href=\"https:\/\/cafeblog.hu\/wp-content\/uploads\/2020\/01\/Cafeblog_EAT_20200101.pdf\">Egyedi Adatkezel\u00e9si T\u00e1j\u00e9koztat\u00f3<\/a><\/li>\r\n<\/ol>\r\n<\/li>\r\n<\/ul>\r\n<p>Budapest, 2020 okt\u00f3ber 20.<\/p>\r\n<p>&nbsp;<\/p>","type":"rich"}